{"id":3819,"date":"2026-01-19T13:15:32","date_gmt":"2026-01-19T12:15:32","guid":{"rendered":"https:\/\/marathon.poznan.pl\/en\/?page_id=3819"},"modified":"2026-01-19T13:16:31","modified_gmt":"2026-01-19T12:16:31","slug":"2025-2","status":"publish","type":"page","link":"https:\/\/marathon.poznan.pl\/en\/history\/2025-2\/","title":{"rendered":"2025"},"content":{"rendered":"<h2>Photos<\/h2>\n\n\t\t<style type=\"text\/css\">\n\t\t\t#gallery-1 {\n\t\t\t\tmargin: auto;\n\t\t\t}\n\t\t\t#gallery-1 .gallery-item {\n\t\t\t\tfloat: left;\n\t\t\t\tmargin-top: 10px;\n\t\t\t\ttext-align: center;\n\t\t\t\twidth: 33%;\n\t\t\t}\n\t\t\t#gallery-1 img {\n\t\t\t\tborder: 2px solid #cfcfcf;\n\t\t\t}\n\t\t\t#gallery-1 .gallery-caption {\n\t\t\t\tmargin-left: 0;\n\t\t\t}\n\t\t\t\/* see gallery_shortcode() in wp-includes\/media.php *\/\n\t\t<\/style>\n\t\t<div id='gallery-1' class='gallery galleryid-3819 gallery-columns-3 gallery-size-thumbnail'><dl class='gallery-item'>\n\t\t\t<dt class='gallery-icon landscape'>\n\t\t\t\t<a href='https:\/\/marathon.poznan.pl\/en\/history\/2025-2\/agnieszka-wojt-kaczmarek-1\/'><img width=\"150\" height=\"100\" src=\"https:\/\/marathon.poznan.pl\/en\/wp-content\/uploads\/2026\/01\/Agnieszka-Wojt-Kaczmarek-1-150x100.jpg\" class=\"attachment-thumbnail size-thumbnail\" alt=\"\" decoding=\"async\" loading=\"lazy\" aria-describedby=\"gallery-1-3820\" srcset=\"https:\/\/marathon.poznan.pl\/en\/wp-content\/uploads\/2026\/01\/Agnieszka-Wojt-Kaczmarek-1-150x100.jpg 150w, https:\/\/marathon.poznan.pl\/en\/wp-content\/uploads\/2026\/01\/Agnieszka-Wojt-Kaczmarek-1-2000x1333.jpg 2000w, https:\/\/marathon.poznan.pl\/en\/wp-content\/uploads\/2026\/01\/Agnieszka-Wojt-Kaczmarek-1-768x512.jpg 768w, https:\/\/marathon.poznan.pl\/en\/wp-content\/uploads\/2026\/01\/Agnieszka-Wojt-Kaczmarek-1-1536x1024.jpg 1536w, https:\/\/marathon.poznan.pl\/en\/wp-content\/uploads\/2026\/01\/Agnieszka-Wojt-Kaczmarek-1-1230x820.jpg 1230w, https:\/\/marathon.poznan.pl\/en\/wp-content\/uploads\/2026\/01\/Agnieszka-Wojt-Kaczmarek-1.jpg 2048w\" sizes=\"(max-width: 150px) 100vw, 150px\" \/><\/a>\n\t\t\t<\/dt>\n\t\t\t\t<dd class='wp-caption-text gallery-caption' id='gallery-1-3820'>\n\t\t\t\tFoto Agnieszka Wojt-Kaczmarek \n\t\t\t\t<\/dd><\/dl><dl class='gallery-item'>\n\t\t\t<dt class='gallery-icon landscape'>\n\t\t\t\t<a href='https:\/\/marathon.poznan.pl\/en\/history\/2025-2\/agnieszka-wojt-kaczmarek-2\/'><img width=\"150\" height=\"100\" src=\"https:\/\/marathon.poznan.pl\/en\/wp-content\/uploads\/2026\/01\/Agnieszka-Wojt-Kaczmarek-2-150x100.jpg\" class=\"attachment-thumbnail size-thumbnail\" alt=\"\" decoding=\"async\" loading=\"lazy\" aria-describedby=\"gallery-1-3821\" srcset=\"https:\/\/marathon.poznan.pl\/en\/wp-content\/uploads\/2026\/01\/Agnieszka-Wojt-Kaczmarek-2-150x100.jpg 150w, https:\/\/marathon.poznan.pl\/en\/wp-content\/uploads\/2026\/01\/Agnieszka-Wojt-Kaczmarek-2-2000x1333.jpg 2000w, https:\/\/marathon.poznan.pl\/en\/wp-content\/uploads\/2026\/01\/Agnieszka-Wojt-Kaczmarek-2-768x512.jpg 768w, https:\/\/marathon.poznan.pl\/en\/wp-content\/uploads\/2026\/01\/Agnieszka-Wojt-Kaczmarek-2-1536x1024.jpg 1536w, https:\/\/marathon.poznan.pl\/en\/wp-content\/uploads\/2026\/01\/Agnieszka-Wojt-Kaczmarek-2-1230x820.jpg 1230w, https:\/\/marathon.poznan.pl\/en\/wp-content\/uploads\/2026\/01\/Agnieszka-Wojt-Kaczmarek-2.jpg 2048w\" sizes=\"(max-width: 150px) 100vw, 150px\" \/><\/a>\n\t\t\t<\/dt>\n\t\t\t\t<dd class='wp-caption-text gallery-caption' id='gallery-1-3821'>\n\t\t\t\tAgnieszka Wojt-Kaczmarek \n\t\t\t\t<\/dd><\/dl><dl class='gallery-item'>\n\t\t\t<dt class='gallery-icon landscape'>\n\t\t\t\t<a href='https:\/\/marathon.poznan.pl\/en\/history\/2025-2\/andrzej-olszanowski-3\/'><img width=\"150\" height=\"100\" src=\"https:\/\/marathon.poznan.pl\/en\/wp-content\/uploads\/2026\/01\/Andrzej-Olszanowski-3-150x100.jpg\" class=\"attachment-thumbnail size-thumbnail\" alt=\"\" decoding=\"async\" loading=\"lazy\" aria-describedby=\"gallery-1-3822\" srcset=\"https:\/\/marathon.poznan.pl\/en\/wp-content\/uploads\/2026\/01\/Andrzej-Olszanowski-3-150x100.jpg 150w, https:\/\/marathon.poznan.pl\/en\/wp-content\/uploads\/2026\/01\/Andrzej-Olszanowski-3-2000x1333.jpg 2000w, https:\/\/marathon.poznan.pl\/en\/wp-content\/uploads\/2026\/01\/Andrzej-Olszanowski-3-768x512.jpg 768w, https:\/\/marathon.poznan.pl\/en\/wp-content\/uploads\/2026\/01\/Andrzej-Olszanowski-3-1536x1024.jpg 1536w, https:\/\/marathon.poznan.pl\/en\/wp-content\/uploads\/2026\/01\/Andrzej-Olszanowski-3-1230x820.jpg 1230w, https:\/\/marathon.poznan.pl\/en\/wp-content\/uploads\/2026\/01\/Andrzej-Olszanowski-3.jpg 2048w\" sizes=\"(max-width: 150px) 100vw, 150px\" \/><\/a>\n\t\t\t<\/dt>\n\t\t\t\t<dd class='wp-caption-text gallery-caption' id='gallery-1-3822'>\n\t\t\t\tFoto Andrzej Olszanowski \n\t\t\t\t<\/dd><\/dl><br style=\"clear: both\" \/><dl class='gallery-item'>\n\t\t\t<dt class='gallery-icon landscape'>\n\t\t\t\t<a href='https:\/\/marathon.poznan.pl\/en\/history\/2025-2\/andrzej-olszanowski-4\/'><img width=\"150\" height=\"100\" src=\"https:\/\/marathon.poznan.pl\/en\/wp-content\/uploads\/2026\/01\/Andrzej-Olszanowski-4-150x100.jpg\" class=\"attachment-thumbnail size-thumbnail\" alt=\"\" decoding=\"async\" loading=\"lazy\" aria-describedby=\"gallery-1-3823\" srcset=\"https:\/\/marathon.poznan.pl\/en\/wp-content\/uploads\/2026\/01\/Andrzej-Olszanowski-4-150x100.jpg 150w, https:\/\/marathon.poznan.pl\/en\/wp-content\/uploads\/2026\/01\/Andrzej-Olszanowski-4-2000x1333.jpg 2000w, https:\/\/marathon.poznan.pl\/en\/wp-content\/uploads\/2026\/01\/Andrzej-Olszanowski-4-768x512.jpg 768w, https:\/\/marathon.poznan.pl\/en\/wp-content\/uploads\/2026\/01\/Andrzej-Olszanowski-4-1536x1024.jpg 1536w, https:\/\/marathon.poznan.pl\/en\/wp-content\/uploads\/2026\/01\/Andrzej-Olszanowski-4-1230x820.jpg 1230w, https:\/\/marathon.poznan.pl\/en\/wp-content\/uploads\/2026\/01\/Andrzej-Olszanowski-4.jpg 2048w\" sizes=\"(max-width: 150px) 100vw, 150px\" \/><\/a>\n\t\t\t<\/dt>\n\t\t\t\t<dd class='wp-caption-text gallery-caption' id='gallery-1-3823'>\n\t\t\t\tFoto Andrzej Olszanowski \n\t\t\t\t<\/dd><\/dl><dl class='gallery-item'>\n\t\t\t<dt class='gallery-icon landscape'>\n\t\t\t\t<a href='https:\/\/marathon.poznan.pl\/en\/history\/2025-2\/andrzej-olszanowski-5\/'><img width=\"150\" height=\"100\" src=\"https:\/\/marathon.poznan.pl\/en\/wp-content\/uploads\/2026\/01\/Andrzej-Olszanowski-5-150x100.jpg\" class=\"attachment-thumbnail size-thumbnail\" alt=\"\" decoding=\"async\" loading=\"lazy\" aria-describedby=\"gallery-1-3824\" srcset=\"https:\/\/marathon.poznan.pl\/en\/wp-content\/uploads\/2026\/01\/Andrzej-Olszanowski-5-150x100.jpg 150w, https:\/\/marathon.poznan.pl\/en\/wp-content\/uploads\/2026\/01\/Andrzej-Olszanowski-5-2000x1333.jpg 2000w, https:\/\/marathon.poznan.pl\/en\/wp-content\/uploads\/2026\/01\/Andrzej-Olszanowski-5-768x512.jpg 768w, https:\/\/marathon.poznan.pl\/en\/wp-content\/uploads\/2026\/01\/Andrzej-Olszanowski-5-1536x1024.jpg 1536w, https:\/\/marathon.poznan.pl\/en\/wp-content\/uploads\/2026\/01\/Andrzej-Olszanowski-5-1230x820.jpg 1230w, https:\/\/marathon.poznan.pl\/en\/wp-content\/uploads\/2026\/01\/Andrzej-Olszanowski-5.jpg 2048w\" sizes=\"(max-width: 150px) 100vw, 150px\" \/><\/a>\n\t\t\t<\/dt>\n\t\t\t\t<dd class='wp-caption-text gallery-caption' id='gallery-1-3824'>\n\t\t\t\tFoto Andrzej Olszanowski \n\t\t\t\t<\/dd><\/dl><dl class='gallery-item'>\n\t\t\t<dt class='gallery-icon landscape'>\n\t\t\t\t<a href='https:\/\/marathon.poznan.pl\/en\/history\/2025-2\/fot-klaudia-berda-6\/'><img width=\"150\" height=\"100\" src=\"https:\/\/marathon.poznan.pl\/en\/wp-content\/uploads\/2026\/01\/Klaudia-Berda-1-150x100.jpg\" class=\"attachment-thumbnail size-thumbnail\" alt=\"\" decoding=\"async\" loading=\"lazy\" aria-describedby=\"gallery-1-3825\" srcset=\"https:\/\/marathon.poznan.pl\/en\/wp-content\/uploads\/2026\/01\/Klaudia-Berda-1-150x100.jpg 150w, https:\/\/marathon.poznan.pl\/en\/wp-content\/uploads\/2026\/01\/Klaudia-Berda-1-2000x1333.jpg 2000w, https:\/\/marathon.poznan.pl\/en\/wp-content\/uploads\/2026\/01\/Klaudia-Berda-1-768x512.jpg 768w, https:\/\/marathon.poznan.pl\/en\/wp-content\/uploads\/2026\/01\/Klaudia-Berda-1-1536x1024.jpg 1536w, https:\/\/marathon.poznan.pl\/en\/wp-content\/uploads\/2026\/01\/Klaudia-Berda-1-1230x820.jpg 1230w, https:\/\/marathon.poznan.pl\/en\/wp-content\/uploads\/2026\/01\/Klaudia-Berda-1.jpg 2048w\" sizes=\"(max-width: 150px) 100vw, 150px\" \/><\/a>\n\t\t\t<\/dt>\n\t\t\t\t<dd class='wp-caption-text gallery-caption' id='gallery-1-3825'>\n\t\t\t\tFot. Klaudia Berda\n\t\t\t\t<\/dd><\/dl><br style=\"clear: both\" \/><dl class='gallery-item'>\n\t\t\t<dt class='gallery-icon landscape'>\n\t\t\t\t<a href='https:\/\/marathon.poznan.pl\/en\/history\/2025-2\/fot-klaudia-berda-7\/'><img width=\"150\" height=\"100\" src=\"https:\/\/marathon.poznan.pl\/en\/wp-content\/uploads\/2026\/01\/Klaudia-Berda-2-150x100.jpg\" class=\"attachment-thumbnail size-thumbnail\" alt=\"\" decoding=\"async\" loading=\"lazy\" aria-describedby=\"gallery-1-3826\" srcset=\"https:\/\/marathon.poznan.pl\/en\/wp-content\/uploads\/2026\/01\/Klaudia-Berda-2-150x100.jpg 150w, https:\/\/marathon.poznan.pl\/en\/wp-content\/uploads\/2026\/01\/Klaudia-Berda-2-2000x1333.jpg 2000w, https:\/\/marathon.poznan.pl\/en\/wp-content\/uploads\/2026\/01\/Klaudia-Berda-2-768x512.jpg 768w, https:\/\/marathon.poznan.pl\/en\/wp-content\/uploads\/2026\/01\/Klaudia-Berda-2-1536x1024.jpg 1536w, https:\/\/marathon.poznan.pl\/en\/wp-content\/uploads\/2026\/01\/Klaudia-Berda-2-1230x820.jpg 1230w, https:\/\/marathon.poznan.pl\/en\/wp-content\/uploads\/2026\/01\/Klaudia-Berda-2.jpg 2048w\" sizes=\"(max-width: 150px) 100vw, 150px\" \/><\/a>\n\t\t\t<\/dt>\n\t\t\t\t<dd class='wp-caption-text gallery-caption' id='gallery-1-3826'>\n\t\t\t\tFot. Klaudia Berda\n\t\t\t\t<\/dd><\/dl><dl class='gallery-item'>\n\t\t\t<dt class='gallery-icon landscape'>\n\t\t\t\t<a href='https:\/\/marathon.poznan.pl\/en\/history\/2025-2\/fot-klaudia-berda-8\/'><img width=\"150\" height=\"100\" src=\"https:\/\/marathon.poznan.pl\/en\/wp-content\/uploads\/2026\/01\/Klaudia-Berda-3-150x100.jpg\" class=\"attachment-thumbnail size-thumbnail\" alt=\"\" decoding=\"async\" loading=\"lazy\" aria-describedby=\"gallery-1-3827\" srcset=\"https:\/\/marathon.poznan.pl\/en\/wp-content\/uploads\/2026\/01\/Klaudia-Berda-3-150x100.jpg 150w, https:\/\/marathon.poznan.pl\/en\/wp-content\/uploads\/2026\/01\/Klaudia-Berda-3-2000x1333.jpg 2000w, https:\/\/marathon.poznan.pl\/en\/wp-content\/uploads\/2026\/01\/Klaudia-Berda-3-768x512.jpg 768w, https:\/\/marathon.poznan.pl\/en\/wp-content\/uploads\/2026\/01\/Klaudia-Berda-3-1536x1024.jpg 1536w, https:\/\/marathon.poznan.pl\/en\/wp-content\/uploads\/2026\/01\/Klaudia-Berda-3-1230x820.jpg 1230w, https:\/\/marathon.poznan.pl\/en\/wp-content\/uploads\/2026\/01\/Klaudia-Berda-3.jpg 2048w\" sizes=\"(max-width: 150px) 100vw, 150px\" \/><\/a>\n\t\t\t<\/dt>\n\t\t\t\t<dd class='wp-caption-text gallery-caption' id='gallery-1-3827'>\n\t\t\t\tFot. Klaudia Berda\n\t\t\t\t<\/dd><\/dl><dl class='gallery-item'>\n\t\t\t<dt class='gallery-icon landscape'>\n\t\t\t\t<a href='https:\/\/marathon.poznan.pl\/en\/history\/2025-2\/fot-klaudia-berda-9\/'><img width=\"150\" height=\"100\" src=\"https:\/\/marathon.poznan.pl\/en\/wp-content\/uploads\/2026\/01\/Klaudia-Berda-4-150x100.jpg\" class=\"attachment-thumbnail size-thumbnail\" alt=\"\" decoding=\"async\" loading=\"lazy\" aria-describedby=\"gallery-1-3828\" srcset=\"https:\/\/marathon.poznan.pl\/en\/wp-content\/uploads\/2026\/01\/Klaudia-Berda-4-150x100.jpg 150w, https:\/\/marathon.poznan.pl\/en\/wp-content\/uploads\/2026\/01\/Klaudia-Berda-4-2000x1333.jpg 2000w, https:\/\/marathon.poznan.pl\/en\/wp-content\/uploads\/2026\/01\/Klaudia-Berda-4-768x512.jpg 768w, https:\/\/marathon.poznan.pl\/en\/wp-content\/uploads\/2026\/01\/Klaudia-Berda-4-1536x1024.jpg 1536w, https:\/\/marathon.poznan.pl\/en\/wp-content\/uploads\/2026\/01\/Klaudia-Berda-4-1230x820.jpg 1230w, https:\/\/marathon.poznan.pl\/en\/wp-content\/uploads\/2026\/01\/Klaudia-Berda-4.jpg 2048w\" sizes=\"(max-width: 150px) 100vw, 150px\" \/><\/a>\n\t\t\t<\/dt>\n\t\t\t\t<dd class='wp-caption-text gallery-caption' id='gallery-1-3828'>\n\t\t\t\tFot. Klaudia Berda\n\t\t\t\t<\/dd><\/dl><br style=\"clear: both\" \/>\n\t\t<\/div>\n\n<h2>Medal<\/h2>\n\n\t\t<style type=\"text\/css\">\n\t\t\t#gallery-2 {\n\t\t\t\tmargin: auto;\n\t\t\t}\n\t\t\t#gallery-2 .gallery-item {\n\t\t\t\tfloat: left;\n\t\t\t\tmargin-top: 10px;\n\t\t\t\ttext-align: center;\n\t\t\t\twidth: 33%;\n\t\t\t}\n\t\t\t#gallery-2 img {\n\t\t\t\tborder: 2px solid #cfcfcf;\n\t\t\t}\n\t\t\t#gallery-2 .gallery-caption {\n\t\t\t\tmargin-left: 0;\n\t\t\t}\n\t\t\t\/* see gallery_shortcode() in wp-includes\/media.php *\/\n\t\t<\/style>\n\t\t<div id='gallery-2' class='gallery galleryid-3819 gallery-columns-3 gallery-size-thumbnail'><dl class='gallery-item'>\n\t\t\t<dt class='gallery-icon landscape'>\n\t\t\t\t<a href='https:\/\/marathon.poznan.pl\/en\/?attachment_id=3698'><img width=\"150\" height=\"91\" src=\"https:\/\/marathon.poznan.pl\/en\/wp-content\/uploads\/2025\/09\/24PM_Ikona_medal-150x91.jpg\" class=\"attachment-thumbnail size-thumbnail\" alt=\"\" decoding=\"async\" loading=\"lazy\" srcset=\"https:\/\/marathon.poznan.pl\/en\/wp-content\/uploads\/2025\/09\/24PM_Ikona_medal-150x91.jpg 150w, https:\/\/marathon.poznan.pl\/en\/wp-content\/uploads\/2025\/09\/24PM_Ikona_medal-768x464.jpg 768w, https:\/\/marathon.poznan.pl\/en\/wp-content\/uploads\/2025\/09\/24PM_Ikona_medal.jpg 800w\" sizes=\"(max-width: 150px) 100vw, 150px\" \/><\/a>\n\t\t\t<\/dt><\/dl>\n\t\t\t<br style='clear: both' \/>\n\t\t<\/div>\n\n<p>&nbsp;<\/p>\n<h2 data-olk-copy-source=\"MessageBody\">24. Pozna\u0144 Maraton Official Video<\/h2>\n<p><iframe loading=\"lazy\" title=\"Pozna\u0144 Maraton 2025 - OFFICIAL VIDEO - LOTTO 24. Pozna\u0144 Maraton\" width=\"625\" height=\"352\" src=\"https:\/\/www.youtube.com\/embed\/e3NnttVzl4Q?feature=oembed\" frameborder=\"0\" allow=\"accelerometer; autoplay; clipboard-write; encrypted-media; gyroscope; picture-in-picture; web-share\" referrerpolicy=\"strict-origin-when-cross-origin\" allowfullscreen><\/iframe><\/p>\n<h2>Pozna\u0144 Maratonu Live Broadcast<\/h2>\n<p><iframe loading=\"lazy\" title=\"LOTTO 24. Pozna\u0144 Maraton im. Macieja Frankiewicza\" width=\"625\" height=\"352\" src=\"https:\/\/www.youtube.com\/embed\/bhnFeI1ZvKs?feature=oembed\" frameborder=\"0\" allow=\"accelerometer; autoplay; clipboard-write; encrypted-media; gyroscope; picture-in-picture; web-share\" referrerpolicy=\"strict-origin-when-cross-origin\" allowfullscreen><\/iframe><\/p>\n<h2>Pozna\u0144 Maratonu Live Broadcast<\/h2>\n<p><iframe loading=\"lazy\" title=\"Prezentacja Trasy LOTTO 24. Pozna\u0144 Maratonu\" width=\"625\" height=\"352\" src=\"https:\/\/www.youtube.com\/embed\/2q67U9WFjFU?feature=oembed\" frameborder=\"0\" allow=\"accelerometer; autoplay; clipboard-write; encrypted-media; gyroscope; picture-in-picture; web-share\" referrerpolicy=\"strict-origin-when-cross-origin\" allowfullscreen><\/iframe><\/p>\n","protected":false},"excerpt":{"rendered":"<p>Photos Medal &nbsp; 24. Pozna\u0144 Maraton Official Video Pozna\u0144 Maratonu Live Broadcast Pozna\u0144 Maratonu Live Broadcast<\/p>\n","protected":false},"author":5,"featured_media":0,"parent":2212,"menu_order":0,"comment_status":"closed","ping_status":"closed","template":"page-templates\/historia.php","meta":[],"_links":{"self":[{"href":"https:\/\/marathon.poznan.pl\/en\/wp-json\/wp\/v2\/pages\/3819"}],"collection":[{"href":"https:\/\/marathon.poznan.pl\/en\/wp-json\/wp\/v2\/pages"}],"about":[{"href":"https:\/\/marathon.poznan.pl\/en\/wp-json\/wp\/v2\/types\/page"}],"author":[{"embeddable":true,"href":"https:\/\/marathon.poznan.pl\/en\/wp-json\/wp\/v2\/users\/5"}],"replies":[{"embeddable":true,"href":"https:\/\/marathon.poznan.pl\/en\/wp-json\/wp\/v2\/comments?post=3819"}],"version-history":[{"count":2,"href":"https:\/\/marathon.poznan.pl\/en\/wp-json\/wp\/v2\/pages\/3819\/revisions"}],"predecessor-version":[{"id":3830,"href":"https:\/\/marathon.poznan.pl\/en\/wp-json\/wp\/v2\/pages\/3819\/revisions\/3830"}],"up":[{"embeddable":true,"href":"https:\/\/marathon.poznan.pl\/en\/wp-json\/wp\/v2\/pages\/2212"}],"wp:attachment":[{"href":"https:\/\/marathon.poznan.pl\/en\/wp-json\/wp\/v2\/media?parent=3819"}],"curies":[{"name":"wp","href":"https:\/\/api.w.org\/{rel}","templated":true}]}}