{"id":3365,"date":"2023-11-06T16:38:27","date_gmt":"2023-11-06T15:38:27","guid":{"rendered":"https:\/\/marathon.poznan.pl\/en\/?page_id=3365"},"modified":"2024-09-12T10:00:38","modified_gmt":"2024-09-12T08:00:38","slug":"2023-2","status":"publish","type":"page","link":"https:\/\/marathon.poznan.pl\/en\/history\/2023-2\/","title":{"rendered":"2023"},"content":{"rendered":"\n\t\t<style type=\"text\/css\">\n\t\t\t#gallery-1 {\n\t\t\t\tmargin: auto;\n\t\t\t}\n\t\t\t#gallery-1 .gallery-item {\n\t\t\t\tfloat: left;\n\t\t\t\tmargin-top: 10px;\n\t\t\t\ttext-align: center;\n\t\t\t\twidth: 33%;\n\t\t\t}\n\t\t\t#gallery-1 img {\n\t\t\t\tborder: 2px solid #cfcfcf;\n\t\t\t}\n\t\t\t#gallery-1 .gallery-caption {\n\t\t\t\tmargin-left: 0;\n\t\t\t}\n\t\t\t\/* see gallery_shortcode() in wp-includes\/media.php *\/\n\t\t<\/style>\n\t\t<div id='gallery-1' class='gallery galleryid-3365 gallery-columns-3 gallery-size-medium'><dl class='gallery-item'>\n\t\t\t<dt class='gallery-icon landscape'>\n\t\t\t\t<a href='https:\/\/marathon.poznan.pl\/en\/wp-content\/uploads\/2023\/10\/Fot.-Klaudia-Berda-6-Start-Poznan-Maratonu.jpg'><img width=\"1674\" height=\"1116\" src=\"https:\/\/marathon.poznan.pl\/en\/wp-content\/uploads\/2023\/10\/Fot.-Klaudia-Berda-6-Start-Poznan-Maratonu.jpg\" class=\"attachment-medium size-medium\" alt=\"fot. Klaudia Berda\" decoding=\"async\" loading=\"lazy\" srcset=\"https:\/\/marathon.poznan.pl\/en\/wp-content\/uploads\/2023\/10\/Fot.-Klaudia-Berda-6-Start-Poznan-Maratonu.jpg 1674w, https:\/\/marathon.poznan.pl\/en\/wp-content\/uploads\/2023\/10\/Fot.-Klaudia-Berda-6-Start-Poznan-Maratonu-150x100.jpg 150w, https:\/\/marathon.poznan.pl\/en\/wp-content\/uploads\/2023\/10\/Fot.-Klaudia-Berda-6-Start-Poznan-Maratonu-768x512.jpg 768w, https:\/\/marathon.poznan.pl\/en\/wp-content\/uploads\/2023\/10\/Fot.-Klaudia-Berda-6-Start-Poznan-Maratonu-1536x1024.jpg 1536w, https:\/\/marathon.poznan.pl\/en\/wp-content\/uploads\/2023\/10\/Fot.-Klaudia-Berda-6-Start-Poznan-Maratonu-1230x820.jpg 1230w\" sizes=\"(max-width: 1674px) 100vw, 1674px\" \/><\/a>\n\t\t\t<\/dt><\/dl><dl class='gallery-item'>\n\t\t\t<dt class='gallery-icon landscape'>\n\t\t\t\t<a href='https:\/\/marathon.poznan.pl\/en\/wp-content\/uploads\/2023\/10\/Fot.-Klaudia-Berda-1-Start-Poznan-Five.jpg'><img width=\"1642\" height=\"1094\" src=\"https:\/\/marathon.poznan.pl\/en\/wp-content\/uploads\/2023\/10\/Fot.-Klaudia-Berda-1-Start-Poznan-Five.jpg\" class=\"attachment-medium size-medium\" alt=\"fot. Klaudia Berda\" decoding=\"async\" loading=\"lazy\" srcset=\"https:\/\/marathon.poznan.pl\/en\/wp-content\/uploads\/2023\/10\/Fot.-Klaudia-Berda-1-Start-Poznan-Five.jpg 1642w, https:\/\/marathon.poznan.pl\/en\/wp-content\/uploads\/2023\/10\/Fot.-Klaudia-Berda-1-Start-Poznan-Five-150x100.jpg 150w, https:\/\/marathon.poznan.pl\/en\/wp-content\/uploads\/2023\/10\/Fot.-Klaudia-Berda-1-Start-Poznan-Five-768x512.jpg 768w, https:\/\/marathon.poznan.pl\/en\/wp-content\/uploads\/2023\/10\/Fot.-Klaudia-Berda-1-Start-Poznan-Five-1536x1023.jpg 1536w, https:\/\/marathon.poznan.pl\/en\/wp-content\/uploads\/2023\/10\/Fot.-Klaudia-Berda-1-Start-Poznan-Five-1230x820.jpg 1230w\" sizes=\"(max-width: 1642px) 100vw, 1642px\" \/><\/a>\n\t\t\t<\/dt><\/dl><dl class='gallery-item'>\n\t\t\t<dt class='gallery-icon landscape'>\n\t\t\t\t<a href='https:\/\/marathon.poznan.pl\/en\/wp-content\/uploads\/2023\/10\/Fot.-Klaudia-Berda-2-Petro-Mamu-Shaku.jpg'><img width=\"1193\" height=\"795\" src=\"https:\/\/marathon.poznan.pl\/en\/wp-content\/uploads\/2023\/10\/Fot.-Klaudia-Berda-2-Petro-Mamu-Shaku.jpg\" class=\"attachment-medium size-medium\" alt=\"fot. Klaudia Berda\" decoding=\"async\" loading=\"lazy\" srcset=\"https:\/\/marathon.poznan.pl\/en\/wp-content\/uploads\/2023\/10\/Fot.-Klaudia-Berda-2-Petro-Mamu-Shaku.jpg 1193w, https:\/\/marathon.poznan.pl\/en\/wp-content\/uploads\/2023\/10\/Fot.-Klaudia-Berda-2-Petro-Mamu-Shaku-150x100.jpg 150w, https:\/\/marathon.poznan.pl\/en\/wp-content\/uploads\/2023\/10\/Fot.-Klaudia-Berda-2-Petro-Mamu-Shaku-768x512.jpg 768w\" sizes=\"(max-width: 1193px) 100vw, 1193px\" \/><\/a>\n\t\t\t<\/dt><\/dl><br style=\"clear: both\" \/><dl class='gallery-item'>\n\t\t\t<dt class='gallery-icon landscape'>\n\t\t\t\t<a href='https:\/\/marathon.poznan.pl\/en\/wp-content\/uploads\/2023\/10\/Fot.-Klaudia-Berda-3-Adam-Nowicki.jpg'><img width=\"992\" height=\"662\" src=\"https:\/\/marathon.poznan.pl\/en\/wp-content\/uploads\/2023\/10\/Fot.-Klaudia-Berda-3-Adam-Nowicki.jpg\" class=\"attachment-medium size-medium\" alt=\"fot. Klaudia Berda\" decoding=\"async\" loading=\"lazy\" srcset=\"https:\/\/marathon.poznan.pl\/en\/wp-content\/uploads\/2023\/10\/Fot.-Klaudia-Berda-3-Adam-Nowicki.jpg 992w, https:\/\/marathon.poznan.pl\/en\/wp-content\/uploads\/2023\/10\/Fot.-Klaudia-Berda-3-Adam-Nowicki-150x100.jpg 150w, https:\/\/marathon.poznan.pl\/en\/wp-content\/uploads\/2023\/10\/Fot.-Klaudia-Berda-3-Adam-Nowicki-768x513.jpg 768w\" sizes=\"(max-width: 992px) 100vw, 992px\" \/><\/a>\n\t\t\t<\/dt><\/dl><dl class='gallery-item'>\n\t\t\t<dt class='gallery-icon landscape'>\n\t\t\t\t<a href='https:\/\/marathon.poznan.pl\/en\/wp-content\/uploads\/2023\/10\/Fot.-Klaudia-Berda-4-Tseginesh-Mekonnin-Legesse.jpg'><img width=\"1642\" height=\"1094\" src=\"https:\/\/marathon.poznan.pl\/en\/wp-content\/uploads\/2023\/10\/Fot.-Klaudia-Berda-4-Tseginesh-Mekonnin-Legesse.jpg\" class=\"attachment-medium size-medium\" alt=\"fot. Klaudia Berda\" decoding=\"async\" loading=\"lazy\" srcset=\"https:\/\/marathon.poznan.pl\/en\/wp-content\/uploads\/2023\/10\/Fot.-Klaudia-Berda-4-Tseginesh-Mekonnin-Legesse.jpg 1642w, https:\/\/marathon.poznan.pl\/en\/wp-content\/uploads\/2023\/10\/Fot.-Klaudia-Berda-4-Tseginesh-Mekonnin-Legesse-150x100.jpg 150w, https:\/\/marathon.poznan.pl\/en\/wp-content\/uploads\/2023\/10\/Fot.-Klaudia-Berda-4-Tseginesh-Mekonnin-Legesse-768x512.jpg 768w, https:\/\/marathon.poznan.pl\/en\/wp-content\/uploads\/2023\/10\/Fot.-Klaudia-Berda-4-Tseginesh-Mekonnin-Legesse-1536x1023.jpg 1536w, https:\/\/marathon.poznan.pl\/en\/wp-content\/uploads\/2023\/10\/Fot.-Klaudia-Berda-4-Tseginesh-Mekonnin-Legesse-1230x820.jpg 1230w\" sizes=\"(max-width: 1642px) 100vw, 1642px\" \/><\/a>\n\t\t\t<\/dt><\/dl><dl class='gallery-item'>\n\t\t\t<dt class='gallery-icon landscape'>\n\t\t\t\t<a href='https:\/\/marathon.poznan.pl\/en\/wp-content\/uploads\/2023\/10\/Fot.-Klaudia-Berda-5-Monika-Jackiewicz.jpg'><img width=\"1329\" height=\"886\" src=\"https:\/\/marathon.poznan.pl\/en\/wp-content\/uploads\/2023\/10\/Fot.-Klaudia-Berda-5-Monika-Jackiewicz.jpg\" class=\"attachment-medium size-medium\" alt=\"fot. Klaudia Berda\" decoding=\"async\" loading=\"lazy\" srcset=\"https:\/\/marathon.poznan.pl\/en\/wp-content\/uploads\/2023\/10\/Fot.-Klaudia-Berda-5-Monika-Jackiewicz.jpg 1329w, https:\/\/marathon.poznan.pl\/en\/wp-content\/uploads\/2023\/10\/Fot.-Klaudia-Berda-5-Monika-Jackiewicz-150x100.jpg 150w, https:\/\/marathon.poznan.pl\/en\/wp-content\/uploads\/2023\/10\/Fot.-Klaudia-Berda-5-Monika-Jackiewicz-768x512.jpg 768w, https:\/\/marathon.poznan.pl\/en\/wp-content\/uploads\/2023\/10\/Fot.-Klaudia-Berda-5-Monika-Jackiewicz-1230x820.jpg 1230w\" sizes=\"(max-width: 1329px) 100vw, 1329px\" \/><\/a>\n\t\t\t<\/dt><\/dl><br style=\"clear: both\" \/>\n\t\t<\/div>\n\n<h3>Medal<\/h3>\n\n\t\t<style type=\"text\/css\">\n\t\t\t#gallery-2 {\n\t\t\t\tmargin: auto;\n\t\t\t}\n\t\t\t#gallery-2 .gallery-item {\n\t\t\t\tfloat: left;\n\t\t\t\tmargin-top: 10px;\n\t\t\t\ttext-align: center;\n\t\t\t\twidth: 33%;\n\t\t\t}\n\t\t\t#gallery-2 img {\n\t\t\t\tborder: 2px solid #cfcfcf;\n\t\t\t}\n\t\t\t#gallery-2 .gallery-caption {\n\t\t\t\tmargin-left: 0;\n\t\t\t}\n\t\t\t\/* see gallery_shortcode() in wp-includes\/media.php *\/\n\t\t<\/style>\n\t\t<div id='gallery-2' class='gallery galleryid-3365 gallery-columns-3 gallery-size-thumbnail'><dl class='gallery-item'>\n\t\t\t<dt class='gallery-icon landscape'>\n\t\t\t\t<a href='https:\/\/marathon.poznan.pl\/en\/wp-content\/uploads\/2024\/09\/Oficjalny-medal-22.-Poznan-Maratonu-Official-medal-of-22nd-Poznan-Marathon-2.jpg'><img width=\"150\" height=\"79\" src=\"https:\/\/marathon.poznan.pl\/en\/wp-content\/uploads\/2024\/09\/Oficjalny-medal-22.-Poznan-Maratonu-Official-medal-of-22nd-Poznan-Marathon-2-150x79.jpg\" class=\"attachment-thumbnail size-thumbnail\" alt=\"Official medal of 22nd Poznan Marathon 2\" decoding=\"async\" loading=\"lazy\" srcset=\"https:\/\/marathon.poznan.pl\/en\/wp-content\/uploads\/2024\/09\/Oficjalny-medal-22.-Poznan-Maratonu-Official-medal-of-22nd-Poznan-Marathon-2-150x79.jpg 150w, https:\/\/marathon.poznan.pl\/en\/wp-content\/uploads\/2024\/09\/Oficjalny-medal-22.-Poznan-Maratonu-Official-medal-of-22nd-Poznan-Marathon-2-768x402.jpg 768w, https:\/\/marathon.poznan.pl\/en\/wp-content\/uploads\/2024\/09\/Oficjalny-medal-22.-Poznan-Maratonu-Official-medal-of-22nd-Poznan-Marathon-2.jpg 1200w\" sizes=\"(max-width: 150px) 100vw, 150px\" \/><\/a>\n\t\t\t<\/dt><\/dl><dl class='gallery-item'>\n\t\t\t<dt class='gallery-icon landscape'>\n\t\t\t\t<a href='https:\/\/marathon.poznan.pl\/en\/wp-content\/uploads\/2024\/09\/Oficjalny-medal-22.-Poznan-Maratonu-Official-medal-of-22nd-Poznan-Marathon.jpg'><img width=\"150\" height=\"84\" src=\"https:\/\/marathon.poznan.pl\/en\/wp-content\/uploads\/2024\/09\/Oficjalny-medal-22.-Poznan-Maratonu-Official-medal-of-22nd-Poznan-Marathon-150x84.jpg\" class=\"attachment-thumbnail size-thumbnail\" alt=\"Official medal of 22nd Poznan Marathon\" decoding=\"async\" loading=\"lazy\" srcset=\"https:\/\/marathon.poznan.pl\/en\/wp-content\/uploads\/2024\/09\/Oficjalny-medal-22.-Poznan-Maratonu-Official-medal-of-22nd-Poznan-Marathon-150x84.jpg 150w, https:\/\/marathon.poznan.pl\/en\/wp-content\/uploads\/2024\/09\/Oficjalny-medal-22.-Poznan-Maratonu-Official-medal-of-22nd-Poznan-Marathon-768x432.jpg 768w, https:\/\/marathon.poznan.pl\/en\/wp-content\/uploads\/2024\/09\/Oficjalny-medal-22.-Poznan-Maratonu-Official-medal-of-22nd-Poznan-Marathon-1536x864.jpg 1536w, https:\/\/marathon.poznan.pl\/en\/wp-content\/uploads\/2024\/09\/Oficjalny-medal-22.-Poznan-Maratonu-Official-medal-of-22nd-Poznan-Marathon-1230x692.jpg 1230w, https:\/\/marathon.poznan.pl\/en\/wp-content\/uploads\/2024\/09\/Oficjalny-medal-22.-Poznan-Maratonu-Official-medal-of-22nd-Poznan-Marathon.jpg 1920w\" sizes=\"(max-width: 150px) 100vw, 150px\" \/><\/a>\n\t\t\t<\/dt><\/dl><dl class='gallery-item'>\n\t\t\t<dt class='gallery-icon landscape'>\n\t\t\t\t<a href='https:\/\/marathon.poznan.pl\/en\/wp-content\/uploads\/2024\/09\/Oficjalny-medal-22.-Poznan-Maratonu-Official-medal-of-22nd-Poznan-Marathon-3.jpg'><img width=\"150\" height=\"79\" src=\"https:\/\/marathon.poznan.pl\/en\/wp-content\/uploads\/2024\/09\/Oficjalny-medal-22.-Poznan-Maratonu-Official-medal-of-22nd-Poznan-Marathon-3-150x79.jpg\" class=\"attachment-thumbnail size-thumbnail\" alt=\"Official medal of 22nd Poznan Marathon 3\" decoding=\"async\" loading=\"lazy\" srcset=\"https:\/\/marathon.poznan.pl\/en\/wp-content\/uploads\/2024\/09\/Oficjalny-medal-22.-Poznan-Maratonu-Official-medal-of-22nd-Poznan-Marathon-3-150x79.jpg 150w, https:\/\/marathon.poznan.pl\/en\/wp-content\/uploads\/2024\/09\/Oficjalny-medal-22.-Poznan-Maratonu-Official-medal-of-22nd-Poznan-Marathon-3-768x402.jpg 768w, https:\/\/marathon.poznan.pl\/en\/wp-content\/uploads\/2024\/09\/Oficjalny-medal-22.-Poznan-Maratonu-Official-medal-of-22nd-Poznan-Marathon-3.jpg 1200w\" sizes=\"(max-width: 150px) 100vw, 150px\" \/><\/a>\n\t\t\t<\/dt><\/dl><br style=\"clear: both\" \/>\n\t\t<\/div>\n\n<h3>22. Pozna\u0144 Maraton Official Video<\/h3>\n<p><iframe style=\"aspect-ratio: 16\/9; width: 100%;\" title=\"YouTube video player\" src=\"https:\/\/www.youtube.com\/embed\/vRggBSIr6mA?si=Wp9uuXjCJslbY3GA\" frameborder=\"0\" allowfullscreen=\"allowfullscreen\"><\/iframe><\/p>\n<h3>22. Pozna\u0144 Maratonu Live Broadcast<\/h3>\n<p><iframe style=\"aspect-ratio: 16\/9; width: 100%;\" title=\"YouTube video player\" src=\"https:\/\/www.youtube.com\/embed\/k-k8WRKFGJs?si=RauR7IQfy_bGaW3W\" frameborder=\"0\" allowfullscreen=\"allowfullscreen\"><\/iframe><\/p>\n<h3>22. Pozna\u0144 Marathon Route<\/h3>\n<p><iframe style=\"aspect-ratio: 16\/9; width: 100%;\" title=\"YouTube video player\" src=\"https:\/\/www.youtube.com\/embed\/OEVjdm4KFlk\" frameborder=\"0\" allowfullscreen=\"allowfullscreen\"><\/iframe><\/p>\n<h3>22. Pozna\u0144 Marathon Teaser<\/h3>\n<p><iframe style=\"aspect-ratio: 16\/9; width: 100%;\" title=\"YouTube video player\" src=\"https:\/\/www.youtube.com\/embed\/HTSh_0uqsso\" frameborder=\"0\" allowfullscreen=\"allowfullscreen\"><\/iframe><\/p>\n","protected":false},"excerpt":{"rendered":"<p>Medal 22. Pozna\u0144 Maraton Official Video 22. Pozna\u0144 Maratonu Live Broadcast 22. Pozna\u0144 Marathon Route 22. Pozna\u0144 Marathon Teaser<\/p>\n","protected":false},"author":1,"featured_media":0,"parent":2212,"menu_order":3,"comment_status":"closed","ping_status":"closed","template":"page-templates\/historia.php","meta":[],"_links":{"self":[{"href":"https:\/\/marathon.poznan.pl\/en\/wp-json\/wp\/v2\/pages\/3365"}],"collection":[{"href":"https:\/\/marathon.poznan.pl\/en\/wp-json\/wp\/v2\/pages"}],"about":[{"href":"https:\/\/marathon.poznan.pl\/en\/wp-json\/wp\/v2\/types\/page"}],"author":[{"embeddable":true,"href":"https:\/\/marathon.poznan.pl\/en\/wp-json\/wp\/v2\/users\/1"}],"replies":[{"embeddable":true,"href":"https:\/\/marathon.poznan.pl\/en\/wp-json\/wp\/v2\/comments?post=3365"}],"version-history":[{"count":4,"href":"https:\/\/marathon.poznan.pl\/en\/wp-json\/wp\/v2\/pages\/3365\/revisions"}],"predecessor-version":[{"id":3520,"href":"https:\/\/marathon.poznan.pl\/en\/wp-json\/wp\/v2\/pages\/3365\/revisions\/3520"}],"up":[{"embeddable":true,"href":"https:\/\/marathon.poznan.pl\/en\/wp-json\/wp\/v2\/pages\/2212"}],"wp:attachment":[{"href":"https:\/\/marathon.poznan.pl\/en\/wp-json\/wp\/v2\/media?parent=3365"}],"curies":[{"name":"wp","href":"https:\/\/api.w.org\/{rel}","templated":true}]}}