{"id":3110,"date":"2023-01-30T16:11:15","date_gmt":"2023-01-30T15:11:15","guid":{"rendered":"https:\/\/marathon.poznan.pl\/en\/?page_id=3110"},"modified":"2023-01-30T16:11:15","modified_gmt":"2023-01-30T15:11:15","slug":"2022-2","status":"publish","type":"page","link":"https:\/\/marathon.poznan.pl\/en\/history\/2022-2\/","title":{"rendered":"2022"},"content":{"rendered":"<h3>Results<\/h3>\n<p><a title=\"Wyniki 20 Pozna\u0144 Maraton - biegacze\" href=\"https:\/\/marathon.poznan.pl\/wp-content\/uploads\/2022\/11\/mp2022_maraton.pdf\">runners<\/a><br \/>\n<a title=\"Wyniki 20 Pozna\u0144 Maraton - w\u00f3zkarze\" href=\"https:\/\/marathon.poznan.pl\/wp-content\/uploads\/2022\/11\/mp2022_wozki.pdf\">wheelchairs<\/a><\/p>\n<h3>Photos<\/h3>\n<p><div id=\"attachment_7506\" style=\"width: 1210px\" class=\"wp-caption alignnone\"><img aria-describedby=\"caption-attachment-7506\" decoding=\"async\" loading=\"lazy\" class=\"size-full wp-image-7506\" src=\"https:\/\/marathon.poznan.pl\/wp-content\/uploads\/2022\/10\/Bazu-Worku-Hayla-zwyciezca-Poznan-Maratonu-fot.-Jakub-Kaczmarczyk.jpg\" alt=\"Bazu Worku Hayla - zwyci\u0119zca Pozna\u0144 Maratonu\" width=\"1200\" height=\"800\" \/><p id=\"caption-attachment-7506\" class=\"wp-caption-text\">fot. Jakub Kaczmarczyk<\/p><\/div><br \/>\n<div id=\"attachment_7507\" style=\"width: 1210px\" class=\"wp-caption alignnone\"><img aria-describedby=\"caption-attachment-7507\" decoding=\"async\" loading=\"lazy\" class=\"size-full wp-image-7507\" src=\"https:\/\/marathon.poznan.pl\/wp-content\/uploads\/2022\/10\/Caroline-Kilel-Zwyciezczyni-Poznan-Maratonu-fot.-Jakub-Kaczmarczyk.jpg\" alt=\"Caroline Kilel - Zwyci\u0119\u017cczyni Pozna\u0144 Maratonu\" width=\"1200\" height=\"800\" \/><p id=\"caption-attachment-7507\" class=\"wp-caption-text\">fot. Jakub Kaczmarczyk<\/p><\/div><br \/>\n<div id=\"attachment_7508\" style=\"width: 1210px\" class=\"wp-caption alignnone\"><img aria-describedby=\"caption-attachment-7508\" decoding=\"async\" loading=\"lazy\" class=\"size-full wp-image-7508\" src=\"https:\/\/marathon.poznan.pl\/wp-content\/uploads\/2022\/10\/Start-Poznan-Maratonu-fot.-Jakub-Kaczmarczyk.jpg\" alt=\"Start Pozna\u0144 Maratonu\" width=\"1200\" height=\"799\" \/><p id=\"caption-attachment-7508\" class=\"wp-caption-text\">fot. Jakub Kaczmarczyk<\/p><\/div><\/p>\n<h3>Video<\/h3>\n<h4>21. Pozna\u0144 Marathon Official Video<\/h4>\n<p><iframe style=\"aspect-ratio: 16\/9; width: 100%;\" src=\"https:\/\/www.youtube.com\/embed\/ul3xNPLv4BY\" title=\"YouTube video player\" frameborder=\"0\" allow=\"accelerometer; autoplay; clipboard-write; encrypted-media; gyroscope; picture-in-picture\" allowfullscreen><\/iframe><\/p>\n<h4>21. Pozna\u0144 Marathon Live (2022)<\/h4>\n<p><iframe style=\"aspect-ratio: 16\/9; width: 100%;\" src=\"https:\/\/www.youtube.com\/embed\/0iMtv3ikO14\" title=\"YouTube video player\" frameborder=\"0\" allow=\"accelerometer; autoplay; clipboard-write; encrypted-media; gyroscope; picture-in-picture\" allowfullscreen><\/iframe><\/p>\n<h4>21. Pozna\u0144 Marathon Teaser (2022)<\/h4>\n<p><iframe style=\"aspect-ratio: 16\/9; width: 100%;\" title=\"YouTube video player\" src=\"https:\/\/www.youtube.com\/embed\/FilnlTmArH4\" frameborder=\"0\" allowfullscreen=\"allowfullscreen\"><\/iframe><\/p>\n","protected":false},"excerpt":{"rendered":"<p>Results runners wheelchairs Photos Video 21. Pozna\u0144 Marathon Official Video 21. Pozna\u0144 Marathon Live (2022) 21. Pozna\u0144 Marathon Teaser (2022)<\/p>\n","protected":false},"author":1,"featured_media":0,"parent":2212,"menu_order":26,"comment_status":"closed","ping_status":"closed","template":"page-templates\/historia.php","meta":[],"_links":{"self":[{"href":"https:\/\/marathon.poznan.pl\/en\/wp-json\/wp\/v2\/pages\/3110"}],"collection":[{"href":"https:\/\/marathon.poznan.pl\/en\/wp-json\/wp\/v2\/pages"}],"about":[{"href":"https:\/\/marathon.poznan.pl\/en\/wp-json\/wp\/v2\/types\/page"}],"author":[{"embeddable":true,"href":"https:\/\/marathon.poznan.pl\/en\/wp-json\/wp\/v2\/users\/1"}],"replies":[{"embeddable":true,"href":"https:\/\/marathon.poznan.pl\/en\/wp-json\/wp\/v2\/comments?post=3110"}],"version-history":[{"count":1,"href":"https:\/\/marathon.poznan.pl\/en\/wp-json\/wp\/v2\/pages\/3110\/revisions"}],"predecessor-version":[{"id":3111,"href":"https:\/\/marathon.poznan.pl\/en\/wp-json\/wp\/v2\/pages\/3110\/revisions\/3111"}],"up":[{"embeddable":true,"href":"https:\/\/marathon.poznan.pl\/en\/wp-json\/wp\/v2\/pages\/2212"}],"wp:attachment":[{"href":"https:\/\/marathon.poznan.pl\/en\/wp-json\/wp\/v2\/media?parent=3110"}],"curies":[{"name":"wp","href":"https:\/\/api.w.org\/{rel}","templated":true}]}}